{"id":272,"date":"2018-09-04T21:23:39","date_gmt":"2018-09-04T21:23:39","guid":{"rendered":"http:\/\/stiftung-perspektive-usedom.de\/?page_id=272"},"modified":"2022-08-05T08:14:57","modified_gmt":"2022-08-05T08:14:57","slug":"foerderungen","status":"publish","type":"page","link":"https:\/\/stiftung-perspektive-usedom.de\/?page_id=272","title":{"rendered":"F\u00f6rderungen"},"content":{"rendered":"<p>Die Stiftung Perspektive Usedom hat folgende gemeinn\u00fctzige Institutionen und Projekte unterst\u00fctzt:<\/p>\n<ul>\n<li><a href=\"https:\/\/www.amadeu-antonio-stiftung.de\/ueber-uns\/\">Amadeu Antonio Stiftung<\/a> (Veranstaltungen gegen Gewalt in MV)<\/li>\n<li><a href=\"http:\/\/www.hospizdienst-greifswald.de\/\">Ambulanter Hospizdienst Greifswald-Ostvorpommern<\/a><\/li>\n<li><a href=\"https:\/\/demokratiebahnhof.de\/\">Demokratiebahnhof Anklam e.V.<\/a> (Workshop f\u00fcr weibliche Gewaltopfer)<\/li>\n<li><a href=\"http:\/\/www.caritas-vorpommern.de\/caritasvorort\/greifswald\/beratungsstellefueropfersexuellergewalt\/fachberatungsstelle-gegen-sexualisierte-gewalt\">Fachberatungsstelle gegen sexualisierte Gewalt, Greifswald<\/a><\/li>\n<li><a href=\"http:\/\/www.frauenhaus-greifswald.de\">Frauenhaus Greifswald<\/a><\/li>\n<li><a href=\"https:\/\/www.frauenhaus-schweinfurt.de\/startseite\/\">Frauenhaus Schweinfurt<\/a><\/li>\n<li><a href=\"https:\/\/freiraumbildung-usedom.de\">FreiRaumBildung Usedom e.V.<\/a> zur Umwelterziehung<\/li>\n<li><a href=\"https:\/\/www.delphinschutz.org\/projekte\/geisternetze\/\">Gesellschaft zur Rettung der Delphine e.V.<\/a> (Bergung von Geisternetzen vor R\u00fcgen)<\/li>\n<li>Grundschule Usedom f\u00fcr Gewaltpr\u00e4ventionskurse<\/li>\n<li>Naturkindertagesst\u00e4tte \"barfuss &amp; gem\u00fcse\", Wolgast\/Buddenhagen f\u00fcr eine Streuobstwiese<\/li>\n<li><a href=\"https:\/\/oneearth-oneocean.com\/das-problem\/\">One Earth - One Ocean e.V.<\/a> f\u00fcr Umweltbildung und Reduzierung von Plastikm\u00fcll in der Ostsee<\/li>\n<li>Stiftung Zentrum f\u00fcr Friedensarbeit - Otto Lilienthal, Anklam<\/li>\n<li>Tierauffangstation \/ Tierhof Lab\u00f6mitz e.V.<\/li>\n<li>Tierrettung Greifswald e.V. (zur Rettung von Wildtieren)<\/li>\n<li><a href=\"https:\/\/www.tierpark-greifswald.de\/ueber-den-tierpark.html\">Wildvogelauffangstation Greifswald (Heimattierparpark Hansestadt Greifswald e.V.)<\/a><\/li>\n<li><a href=\"https:\/\/www.wwf.de\/themen-projekte\/meere-kuesten\/plastik\/geisternetze\/\">WWF Deutschland, Ostseeb\u00fcro Stralsund<\/a> zur Bergung von <a href=\"https:\/\/www.greenpeace.de\/sites\/www.greenpeace.de\/files\/publications\/160507_greenpeace_factsheet_geisternetze.pdf\">Geisternetzen<\/a><\/li>\n<\/ul>\n","protected":false},"excerpt":{"rendered":"<p>Die Stiftung Perspektive Usedom hat folgende gemeinn\u00fctzige Institutionen und Projekte unterst\u00fctzt: Amadeu Antonio Stiftung (Veranstaltungen gegen Gewalt in MV) Ambulanter Hospizdienst Greifswald-Ostvorpommern Demokratiebahnhof Anklam e.V. (Workshop f\u00fcr weibliche Gewaltopfer) Fachberatungsstelle gegen sexualisierte Gewalt, Greifswald Frauenhaus Greifswald Frauenhaus Schweinfurt FreiRaumBildung Usedom e.V. zur Umwelterziehung Gesellschaft zur Rettung der Delphine e.V. (Bergung von Geisternetzen vor R\u00fcgen) Grundschule <a href=\"https:\/\/stiftung-perspektive-usedom.de\/?page_id=272\" class=\"more-link\">...weiterlesen<span class=\"screen-reader-text\"> \"F\u00f6rderungen\"<\/span><\/a><\/p>\n","protected":false},"author":1,"featured_media":0,"parent":63,"menu_order":0,"comment_status":"closed","ping_status":"closed","template":"page-templates\/full-width.php","meta":{"footnotes":""},"class_list":["post-272","page","type-page","status-publish","h-entry","hentry","h-as-page"],"_links":{"self":[{"href":"https:\/\/stiftung-perspektive-usedom.de\/index.php?rest_route=\/wp\/v2\/pages\/272","targetHints":{"allow":["GET"]}}],"collection":[{"href":"https:\/\/stiftung-perspektive-usedom.de\/index.php?rest_route=\/wp\/v2\/pages"}],"about":[{"href":"https:\/\/stiftung-perspektive-usedom.de\/index.php?rest_route=\/wp\/v2\/types\/page"}],"author":[{"embeddable":true,"href":"https:\/\/stiftung-perspektive-usedom.de\/index.php?rest_route=\/wp\/v2\/users\/1"}],"replies":[{"embeddable":true,"href":"https:\/\/stiftung-perspektive-usedom.de\/index.php?rest_route=%2Fwp%2Fv2%2Fcomments&post=272"}],"version-history":[{"count":22,"href":"https:\/\/stiftung-perspektive-usedom.de\/index.php?rest_route=\/wp\/v2\/pages\/272\/revisions"}],"predecessor-version":[{"id":441,"href":"https:\/\/stiftung-perspektive-usedom.de\/index.php?rest_route=\/wp\/v2\/pages\/272\/revisions\/441"}],"up":[{"embeddable":true,"href":"https:\/\/stiftung-perspektive-usedom.de\/index.php?rest_route=\/wp\/v2\/pages\/63"}],"wp:attachment":[{"href":"https:\/\/stiftung-perspektive-usedom.de\/index.php?rest_route=%2Fwp%2Fv2%2Fmedia&parent=272"}],"curies":[{"name":"wp","href":"https:\/\/api.w.org\/{rel}","templated":true}]}}