{"id":57,"date":"2018-01-16T15:03:05","date_gmt":"2018-01-16T15:03:05","guid":{"rendered":"http:\/\/stiftung-perspektive-usedom.de\/?page_id=57"},"modified":"2023-02-08T18:48:17","modified_gmt":"2023-02-08T18:48:17","slug":"organe","status":"publish","type":"page","link":"https:\/\/stiftung-perspektive-usedom.de\/?page_id=57","title":{"rendered":"Organe"},"content":{"rendered":"<p>&nbsp;<\/p>\n<p><strong>Der Stiftungsvorstand<\/strong><\/p>\n<p>Die Stiftung Perspektive Usedom wird durch den Stiftungsvorstand vertreten, der sich ehrenamtlich f\u00fcr die dauernde und nachhaltige Erf\u00fcllung des Stiftungszwecks k\u00fcmmert.\u00a0 Hierzu trifft er Beschl\u00fcsse \u00fcber Anlage, Verwaltung und Vergabe der Stiftungsmittel nach Ma\u00dfgabe der vom Stiftungsrat beschlossenen Richtlinien. Dar\u00fcber hinaus setzt er stiftungseigene Projekte um.<\/p>\n<p>Der Stiftungsvorstand setzt sich zusammen aus<br \/>\n- Ralf Wehner<br \/>\n- J\u00fcrgen Siegner (seit dem 01.02.2021)<\/p>\n<p>Ehemalige Vorstandsmitglieder:<br \/>\nDr. Norbert K\u00f6hler (bis zum 31.03.2021): Wir danken Herrn Dr. K\u00f6hler f\u00fcr sein Engagement, der Projekte der Stiftung ma\u00dfgeblich zum Erfolg verhalf.<\/p>\n<p>&nbsp;<\/p>\n<p><strong>Der Stiftungsrat<\/strong><\/p>\n<p>Der ehrenamtlich t\u00e4tige Stiftungsrat kontrolliert und ber\u00e4t den Vorstand bei der Erf\u00fcllung seiner Aufgaben, insbesondere bei der Festlegung von Arbeitsschwerpunkten f\u00fcr die Stiftung.<\/p>\n<p>Dem Stiftungsrat obliegt insbesondere die Beschlussfassung \u00fcber:<\/p>\n<ol>\n<li>die Festlegung von Richtlinien f\u00fcr die Anlage, Verwaltung und Verwendung der Stiftungsmittel,<\/li>\n<li>den vom Vorstand aufgestellten Haushaltsplan,<\/li>\n<li>die Bestellung eines Abschluss- bzw. Kassenpr\u00fcfers,<\/li>\n<li>die Genehmigung des Jahresabschlusses und des Berichtes \u00fcber die Erf\u00fcllung des Stiftungszwecks.<\/li>\n<\/ol>\n<p>Der Stiftungsrat setzt sich zusammen aus\u00a0 Petra Pasch und Kathrin Schmidt.<\/p>\n","protected":false},"excerpt":{"rendered":"<p>&nbsp; Der Stiftungsvorstand Die Stiftung Perspektive Usedom wird durch den Stiftungsvorstand vertreten, der sich ehrenamtlich f\u00fcr die dauernde und nachhaltige Erf\u00fcllung des Stiftungszwecks k\u00fcmmert.\u00a0 Hierzu trifft er Beschl\u00fcsse \u00fcber Anlage, Verwaltung und Vergabe der Stiftungsmittel nach Ma\u00dfgabe der vom Stiftungsrat beschlossenen Richtlinien. Dar\u00fcber hinaus setzt er stiftungseigene Projekte um. Der Stiftungsvorstand setzt sich zusammen aus <a href=\"https:\/\/stiftung-perspektive-usedom.de\/?page_id=57\" class=\"more-link\">...weiterlesen<span class=\"screen-reader-text\"> \"Organe\"<\/span><\/a><\/p>\n","protected":false},"author":1,"featured_media":0,"parent":2,"menu_order":0,"comment_status":"closed","ping_status":"closed","template":"page-templates\/full-width.php","meta":{"footnotes":""},"class_list":["post-57","page","type-page","status-publish","h-entry","hentry","h-as-page"],"_links":{"self":[{"href":"https:\/\/stiftung-perspektive-usedom.de\/index.php?rest_route=\/wp\/v2\/pages\/57","targetHints":{"allow":["GET"]}}],"collection":[{"href":"https:\/\/stiftung-perspektive-usedom.de\/index.php?rest_route=\/wp\/v2\/pages"}],"about":[{"href":"https:\/\/stiftung-perspektive-usedom.de\/index.php?rest_route=\/wp\/v2\/types\/page"}],"author":[{"embeddable":true,"href":"https:\/\/stiftung-perspektive-usedom.de\/index.php?rest_route=\/wp\/v2\/users\/1"}],"replies":[{"embeddable":true,"href":"https:\/\/stiftung-perspektive-usedom.de\/index.php?rest_route=%2Fwp%2Fv2%2Fcomments&post=57"}],"version-history":[{"count":13,"href":"https:\/\/stiftung-perspektive-usedom.de\/index.php?rest_route=\/wp\/v2\/pages\/57\/revisions"}],"predecessor-version":[{"id":445,"href":"https:\/\/stiftung-perspektive-usedom.de\/index.php?rest_route=\/wp\/v2\/pages\/57\/revisions\/445"}],"up":[{"embeddable":true,"href":"https:\/\/stiftung-perspektive-usedom.de\/index.php?rest_route=\/wp\/v2\/pages\/2"}],"wp:attachment":[{"href":"https:\/\/stiftung-perspektive-usedom.de\/index.php?rest_route=%2Fwp%2Fv2%2Fmedia&parent=57"}],"curies":[{"name":"wp","href":"https:\/\/api.w.org\/{rel}","templated":true}]}}