{"id":63,"date":"2018-01-16T15:16:40","date_gmt":"2018-01-16T15:16:40","guid":{"rendered":"http:\/\/stiftung-perspektive-usedom.de\/?page_id=63"},"modified":"2020-05-08T06:42:27","modified_gmt":"2020-05-08T06:42:27","slug":"projekte","status":"publish","type":"page","link":"https:\/\/stiftung-perspektive-usedom.de\/?page_id=63","title":{"rendered":"Aktivit\u00e4ten"},"content":{"rendered":"<p>Die Stiftung Perspektive Usedom ist sowohl f\u00f6rdernd als auch operativ t\u00e4tig.<\/p>\n<p>Operativ bedeutet, dass die Stiftung selbst Projekte ins Leben ruft und durchf\u00fchrt oder Projekte initiiert.<\/p>\n<p>Gef\u00f6rdert werden von der Stiftung gemeinn\u00fctzige Projekte und Institutionen, die die Ziele der Stiftung verfolgen und welche die Stiftung als besonders f\u00f6rderungsw\u00fcrdig erachtet. Hierbei unterst\u00fctzt die Stiftung das Engagement Dritter.<\/p>\n","protected":false},"excerpt":{"rendered":"<p>Die Stiftung Perspektive Usedom ist sowohl f\u00f6rdernd als auch operativ t\u00e4tig. Operativ bedeutet, dass die Stiftung selbst Projekte ins Leben ruft und durchf\u00fchrt oder Projekte initiiert. Gef\u00f6rdert werden von der Stiftung gemeinn\u00fctzige Projekte und Institutionen, die die Ziele der Stiftung verfolgen und welche die Stiftung als besonders f\u00f6rderungsw\u00fcrdig erachtet. Hierbei unterst\u00fctzt die Stiftung das Engagement <a href=\"https:\/\/stiftung-perspektive-usedom.de\/?page_id=63\" class=\"more-link\">...weiterlesen<span class=\"screen-reader-text\"> \"Aktivit\u00e4ten\"<\/span><\/a><\/p>\n","protected":false},"author":1,"featured_media":0,"parent":0,"menu_order":0,"comment_status":"closed","ping_status":"closed","template":"page-templates\/full-width.php","meta":{"footnotes":""},"class_list":["post-63","page","type-page","status-publish","h-entry","hentry","h-as-page"],"_links":{"self":[{"href":"https:\/\/stiftung-perspektive-usedom.de\/index.php?rest_route=\/wp\/v2\/pages\/63","targetHints":{"allow":["GET"]}}],"collection":[{"href":"https:\/\/stiftung-perspektive-usedom.de\/index.php?rest_route=\/wp\/v2\/pages"}],"about":[{"href":"https:\/\/stiftung-perspektive-usedom.de\/index.php?rest_route=\/wp\/v2\/types\/page"}],"author":[{"embeddable":true,"href":"https:\/\/stiftung-perspektive-usedom.de\/index.php?rest_route=\/wp\/v2\/users\/1"}],"replies":[{"embeddable":true,"href":"https:\/\/stiftung-perspektive-usedom.de\/index.php?rest_route=%2Fwp%2Fv2%2Fcomments&post=63"}],"version-history":[{"count":17,"href":"https:\/\/stiftung-perspektive-usedom.de\/index.php?rest_route=\/wp\/v2\/pages\/63\/revisions"}],"predecessor-version":[{"id":377,"href":"https:\/\/stiftung-perspektive-usedom.de\/index.php?rest_route=\/wp\/v2\/pages\/63\/revisions\/377"}],"wp:attachment":[{"href":"https:\/\/stiftung-perspektive-usedom.de\/index.php?rest_route=%2Fwp%2Fv2%2Fmedia&parent=63"}],"curies":[{"name":"wp","href":"https:\/\/api.w.org\/{rel}","templated":true}]}}