{"id":68,"date":"2018-01-16T15:18:35","date_gmt":"2018-01-16T15:18:35","guid":{"rendered":"http:\/\/stiftung-perspektive-usedom.de\/?page_id=68"},"modified":"2021-02-06T12:50:49","modified_gmt":"2021-02-06T12:50:49","slug":"spenden","status":"publish","type":"page","link":"https:\/\/stiftung-perspektive-usedom.de\/?page_id=68","title":{"rendered":"Spenden"},"content":{"rendered":"<p>Spenden werden im Rahmen der Stiftungsziele gemeinn\u00fctzig verwendet, ggf. auch ausschlie\u00dflich f\u00fcr ein bestimmtes Projekt, welches Ihnen am Herzen liegt.<br \/>\nDurch Ihre Unterst\u00fctzung k\u00f6nnen wir gemeinsam mehr bewegen. Dabei kommt es nicht darauf an, Gro\u00dfes zu bewegen, sondern sich \u00fcberhaupt zu engagieren, sich einzusetzen. An dieser Stelle auch ein herzliches Dankesch\u00f6n an unsere F\u00f6rderer - auch f\u00fcr das Vertrauen, welches Sie in uns setzen.<\/p>\n<p>Spenden \u00fcberweisen Sie bitte auf unser folgendes Konto \u2013 gerne auch zweckgebunden f\u00fcr ein bestimmtes Projekt der Stiftung:<\/p>\n<p>Stiftung Perspektive Usedom<br \/>\nIBAN: DE06 1505 0500 0102 0740 38<br \/>\nBIC: NOLADE21GRW<br \/>\nSparkasse Vorpommern<br \/>\nVerwendungszweck: Spende (ggf. f\u00fcr ein bestimmtes Projekt und Ihre Adresse f\u00fcr eine Spendenbescheinigung)<\/p>\n<div id=\"amznCharityBanner\" style=\"margin-top:20px;\" ><script type=\"text\/javascript\">(function() {var iFrame = document.createElement('iframe'); iFrame.style.display = 'none'; iFrame.style.border = \"none\"; iFrame.width = 310; iFrame.height = 256; iFrame.setAttribute && iFrame.setAttribute('scrolling', 'no'); iFrame.setAttribute('frameborder', '0'); setTimeout(function() {var contents = (iFrame.contentWindow) ? iFrame.contentWindow : (iFrame.contentDocument.document) ? iFrame.contentDocument.document : iFrame.contentDocument; contents.document.open(); contents.document.write(decodeURIComponent(\"%3Cdiv%20id%3D%22amznCharityBannerInner%22%3E%3Ca%20href%3D%22https%3A%2F%2Fsmile.amazon.de%2Fch%2F084-141-13185%22%20target%3D%22_blank%22%3E%3Cdiv%20class%3D%22text%22%20height%3D%22%22%3E%3Cdiv%20class%3D%22support-wrapper%22%3E%3Cdiv%20class%3D%22support%22%20style%3D%22font-size%3A%2025px%3B%20line-height%3A%2028px%3B%20margin-top%3A%201px%3B%20margin-bottom%3A%200px%3B%22%3EUnterst%C3%BCtzen%20Sie%20%3Cspan%20id%3D%22charity-name%22%20style%3D%22display%3A%20inline-block%3B%22%3EStiftung%20Perspektive%20Usedom%2C%3C%2Fspan%3E%3C%2Fdiv%3E%3C%2Fdiv%3E%3Cdiv%20class%3D%22when-shop%22%3Eindem%20Sie%20auf%20%3Cb%3Esmile.amazon.de%3C%2Fb%3E%3C%2Fdiv%3E%3Cdiv%20class%3D%22donates%22%3E%20einkaufen.%3C%2Fdiv%3E%3C%2Fdiv%3E%3C%2Fa%3E%3C%2Fdiv%3E%3Cstyle%3E%23amznCharityBannerInner%7Bbackground-image%3Aurl(https%3A%2F%2Fm.media-amazon.com%2Fimages%2FG%2F03%2Fx-locale%2Fpaladin%2Fcharitycentral%2Fbanner-background-image._CB485921641_.png)%3Bwidth%3A300px%3Bheight%3A250px%3Bposition%3Arelative%7D%23amznCharityBannerInner%20a%7Bdisplay%3Ablock%3Bwidth%3A100%25%3Bheight%3A100%25%3Bposition%3Arelative%3Bcolor%3A%23000%3Btext-decoration%3Anone%7D.text%7Bposition%3Aabsolute%3Btop%3A20px%3Bleft%3A15px%3Bright%3A15px%3Bbottom%3A100px%7D.support-wrapper%7Boverflow%3Ahidden%3Bmax-height%3A86px%7D.support%7Bfont-family%3AArial%2Csans%3Bfont-weight%3A700%3Bline-height%3A28px%3Bfont-size%3A25px%3Bcolor%3A%23333%3Btext-align%3Acenter%3Bmargin%3A0%3Bpadding%3A0%3Bbackground%3A0%200%7D.when-shop%7Bfont-family%3AArial%2Csans%3Bfont-size%3A15px%3Bfont-weight%3A400%3Bline-height%3A15px%3Bcolor%3A%23333%3Btext-align%3Acenter%3Bmargin%3A0%3Bpadding%3A0%3Bbackground%3A0%200%7D.donates%7Bfont-family%3AArial%2Csans%3Bfont-size%3A15px%3Bfont-weight%3A400%3Bline-height%3A21px%3Bcolor%3A%23333%3Btext-align%3Acenter%3Bmargin%3A0%3Bpadding%3A0%3Bbackground%3A0%200%7D%3C%2Fstyle%3E\")); contents.document.close(); iFrame.style.display = 'block';}); document.getElementById('amznCharityBanner').appendChild(iFrame); })(); <\/script><\/div>\n","protected":false},"excerpt":{"rendered":"<p>Spenden werden im Rahmen der Stiftungsziele gemeinn\u00fctzig verwendet, ggf. auch ausschlie\u00dflich f\u00fcr ein bestimmtes Projekt, welches Ihnen am Herzen liegt. Durch Ihre Unterst\u00fctzung k\u00f6nnen wir gemeinsam mehr bewegen. Dabei kommt es nicht darauf an, Gro\u00dfes zu bewegen, sondern sich \u00fcberhaupt zu engagieren, sich einzusetzen. An dieser Stelle auch ein herzliches Dankesch\u00f6n an unsere F\u00f6rderer - <a href=\"https:\/\/stiftung-perspektive-usedom.de\/?page_id=68\" class=\"more-link\">...weiterlesen<span class=\"screen-reader-text\"> \"Spenden\"<\/span><\/a><\/p>\n","protected":false},"author":1,"featured_media":0,"parent":66,"menu_order":0,"comment_status":"closed","ping_status":"closed","template":"page-templates\/full-width.php","meta":{"footnotes":""},"class_list":["post-68","page","type-page","status-publish","h-entry","hentry","h-as-page"],"_links":{"self":[{"href":"https:\/\/stiftung-perspektive-usedom.de\/index.php?rest_route=\/wp\/v2\/pages\/68","targetHints":{"allow":["GET"]}}],"collection":[{"href":"https:\/\/stiftung-perspektive-usedom.de\/index.php?rest_route=\/wp\/v2\/pages"}],"about":[{"href":"https:\/\/stiftung-perspektive-usedom.de\/index.php?rest_route=\/wp\/v2\/types\/page"}],"author":[{"embeddable":true,"href":"https:\/\/stiftung-perspektive-usedom.de\/index.php?rest_route=\/wp\/v2\/users\/1"}],"replies":[{"embeddable":true,"href":"https:\/\/stiftung-perspektive-usedom.de\/index.php?rest_route=%2Fwp%2Fv2%2Fcomments&post=68"}],"version-history":[{"count":19,"href":"https:\/\/stiftung-perspektive-usedom.de\/index.php?rest_route=\/wp\/v2\/pages\/68\/revisions"}],"predecessor-version":[{"id":413,"href":"https:\/\/stiftung-perspektive-usedom.de\/index.php?rest_route=\/wp\/v2\/pages\/68\/revisions\/413"}],"up":[{"embeddable":true,"href":"https:\/\/stiftung-perspektive-usedom.de\/index.php?rest_route=\/wp\/v2\/pages\/66"}],"wp:attachment":[{"href":"https:\/\/stiftung-perspektive-usedom.de\/index.php?rest_route=%2Fwp%2Fv2%2Fmedia&parent=68"}],"curies":[{"name":"wp","href":"https:\/\/api.w.org\/{rel}","templated":true}]}}